{"id":4519,"date":"2025-11-24T12:06:34","date_gmt":"2025-11-24T12:06:34","guid":{"rendered":"https:\/\/ucuzkaroser.com\/?post_type=product&#038;p=4519"},"modified":"2026-02-27T13:39:35","modified_gmt":"2026-02-27T13:39:35","slug":"330-cm-boyunda-kayar-perdeli-kasa-12-ay-taksit-imkani","status":"publish","type":"product","link":"https:\/\/ucuzkaroser.com\/?product=330-cm-boyunda-kayar-perdeli-kasa-12-ay-taksit-imkani","title":{"rendered":"330 CM BOYUNDA KAYAR PERDEL\u0130 KASA (12 AY TAKS\u0130T \u0130MKANI)"},"content":{"rendered":"<p><img loading=\"lazy\" decoding=\"async\" class=\"alignnone  wp-image-6432\" src=\"https:\/\/ucuzkaroser.com\/wp-content\/uploads\/2026\/02\/Sahibinden-Fotolarin-Sonuna-Gelicek-Sekilde-2-3-ADET-Eklenicek-300x38.png\" alt=\"\" width=\"466\" height=\"59\" srcset=\"https:\/\/ucuzkaroser.com\/wp-content\/uploads\/2026\/02\/Sahibinden-Fotolarin-Sonuna-Gelicek-Sekilde-2-3-ADET-Eklenicek-300x38.png 300w, https:\/\/ucuzkaroser.com\/wp-content\/uploads\/2026\/02\/Sahibinden-Fotolarin-Sonuna-Gelicek-Sekilde-2-3-ADET-Eklenicek-1024x130.png 1024w, https:\/\/ucuzkaroser.com\/wp-content\/uploads\/2026\/02\/Sahibinden-Fotolarin-Sonuna-Gelicek-Sekilde-2-3-ADET-Eklenicek-768x98.png 768w, https:\/\/ucuzkaroser.com\/wp-content\/uploads\/2026\/02\/Sahibinden-Fotolarin-Sonuna-Gelicek-Sekilde-2-3-ADET-Eklenicek-1536x196.png 1536w, https:\/\/ucuzkaroser.com\/wp-content\/uploads\/2026\/02\/Sahibinden-Fotolarin-Sonuna-Gelicek-Sekilde-2-3-ADET-Eklenicek-2048x261.png 2048w, https:\/\/ucuzkaroser.com\/wp-content\/uploads\/2026\/02\/Sahibinden-Fotolarin-Sonuna-Gelicek-Sekilde-2-3-ADET-Eklenicek-600x76.png 600w\" sizes=\"auto, (max-width: 466px) 100vw, 466px\" \/><\/p>\n<p style=\"text-align: left;\"><b><span style=\"font-size: x-large;\">KAYAR BRANDALI KASA<\/span><\/b><\/p>\n<div style=\"text-align: left;\">\n<p><b><span style=\"font-size: x-large;\">BOY : 330 cm\u00a0\u00a0DI\u015e<\/span><\/b><\/p>\n<p><b><span style=\"font-size: x-large;\">EN\u00a0 \u00a0: 220 cm\u00a0\u00a0DI\u015e<\/span><\/b><\/p>\n<p><b><span style=\"font-size: x-large;\">Y\u00dcK : 230 cm\u00a0\u0130\u00c7<\/span><\/b><\/p>\n<p><b><span style=\"font-size: x-large;\"><span style=\"color: #000000; font-size: x-large;\">TABAN : PLYWOOD<\/span><br \/>\n<\/span><\/b><\/p>\n<p><b><span style=\"font-size: x-large;\">RENK : KREM<\/span><\/b><b><\/b><\/p>\n<\/div>\n","protected":false},"excerpt":{"rendered":"<p>KAYAR BRANDALI KASA BOY : 330 cm\u00a0\u00a0DI\u015e EN\u00a0 \u00a0: 220 cm\u00a0\u00a0DI\u015e Y\u00dcK : 230 cm\u00a0\u0130\u00c7 TABAN : PLYWOOD RENK : KREM<\/p>\n","protected":false},"featured_media":4526,"comment_status":"open","ping_status":"closed","template":"","meta":[],"class_list":{"0":"post-4519","1":"product","2":"type-product","3":"status-publish","4":"has-post-thumbnail","6":"product_cat-kayar-brandali-kasa","8":"first","9":"instock","10":"sale","11":"shipping-taxable","12":"purchasable","13":"product-type-simple"},"_links":{"self":[{"href":"https:\/\/ucuzkaroser.com\/index.php?rest_route=\/wp\/v2\/product\/4519","targetHints":{"allow":["GET"]}}],"collection":[{"href":"https:\/\/ucuzkaroser.com\/index.php?rest_route=\/wp\/v2\/product"}],"about":[{"href":"https:\/\/ucuzkaroser.com\/index.php?rest_route=\/wp\/v2\/types\/product"}],"replies":[{"embeddable":true,"href":"https:\/\/ucuzkaroser.com\/index.php?rest_route=%2Fwp%2Fv2%2Fcomments&post=4519"}],"wp:featuredmedia":[{"embeddable":true,"href":"https:\/\/ucuzkaroser.com\/index.php?rest_route=\/wp\/v2\/media\/4526"}],"wp:attachment":[{"href":"https:\/\/ucuzkaroser.com\/index.php?rest_route=%2Fwp%2Fv2%2Fmedia&parent=4519"}],"curies":[{"name":"wp","href":"https:\/\/api.w.org\/{rel}","templated":true}]}}